{"id":2791,"date":"2024-06-10T11:37:48","date_gmt":"2024-06-10T11:37:48","guid":{"rendered":"https:\/\/fka.mta.hu\/?post_type=publikacio&#038;p=2791"},"modified":"2025-05-26T15:06:03","modified_gmt":"2025-05-26T15:06:03","slug":"a-fiatal-kutatoknak-karos-az-europai-unios-forrasokbol-torteno-kizaras-kutatasi-jelentes","status":"publish","type":"publikacio","link":"https:\/\/fka.mta.hu\/en\/publikacio\/a-fiatal-kutatoknak-karos-az-europai-unios-forrasokbol-torteno-kizaras-kutatasi-jelentes\/","title":{"rendered":"A fiatal kutat\u00f3knak k\u00e1ros  az eur\u00f3pai uni\u00f3s forr\u00e1sokb\u00f3l  t\u00f6rt\u00e9n\u0151 kiz\u00e1r\u00e1s \u2013 Kutat\u00e1si jelent\u00e9s"},"content":{"rendered":"<p>2022-ben az Eur\u00f3pai Uni\u00f3 Tan\u00e1csa az \u00e1tl\u00e1that\u00f3s\u00e1g \u00e9s az akad\u00e9miai szabads\u00e1g csorbul\u00e1s\u00e1ra hivatkozva felf\u00fcggesztette az alap\u00edtv\u00e1nyi fenntart\u00e1s\u00fa magyar egyetemek uni\u00f3s kutat\u00e1si forr\u00e1sokhoz \u00e9s csereprogramokhoz val\u00f3 hozz\u00e1f\u00e9r\u00e9s\u00e9t. Az EU \u00e9s Magyarorsz\u00e1g k\u00f6z\u00f6tt az\u00f3ta is folyamatos a vita, hat egyetem fellebbez\u00e9s\u00e9nek k\u00f6zelm\u00faltbeli els\u0151 t\u00e1rgyal\u00e1sa az Eur\u00f3pai Uni\u00f3 B\u00edr\u00f3s\u00e1g\u00e1n pedig a forr\u00e1sok elh\u00faz\u00f3d\u00f3 felf\u00fcggeszt\u00e9s\u00e9t val\u00f3sz\u00edn\u0171s\u00edti. Az al\u00e1bbiakban egy \u00e1tfog\u00f3 k\u00e9rd\u0151\u00edves felm\u00e9r\u00e9s eredm\u00e9nyeit foglaljuk \u00f6ssze, amely a magyar tudom\u00e1nyos- \u00e9s kutat\u00f3i k\u00f6z\u00f6ss\u00e9get \u00e9rint\u0151, a felf\u00fcggeszt\u00e9s k\u00f6vetkezt\u00e9ben kialakult helyzetet t\u00e1rja fel. Az eredm\u00e9nyek k\u00f6z\u00fcl k\u00fcl\u00f6n\u00f6sen riaszt\u00f3 az a meg\u00e1llap\u00edt\u00e1s, amely szerint a hat\u00e1sok nemcsak a felf\u00fcggesztett int\u00e9zm\u00e9nyekben dolgoz\u00f3kat, hanem a m\u00e9g finansz\u00edroz\u00e1sra jogosult int\u00e9zm\u00e9nyek munkat\u00e1rsait is \u00e9rintik. A felm\u00e9r\u00e9s eredm\u00e9nyei r\u00e1mutatnak arra az \u00e1that\u00f3 bizonytalans\u00e1gra is, amely az EU-s kutat\u00e1si p\u00e1ly\u00e1zatok k\u00fclf\u00f6ldi konzorciumvezet\u0151inek k\u00f6r\u00e9ben tapasztalhat\u00f3 azzal kapcsolatban, hogy egy\u00e1ltal\u00e1n \u00e9rdemes-e egy\u00fcttm\u0171k\u00f6dni\u00fck magyar egyetemekkel \u00e9s kutat\u00f3int\u00e9zetekkel. Ez a k\u00e9ts\u00e9gekkel teli l\u00e9gk\u00f6r k\u00e1rosan hathat a magyarorsz\u00e1gi kutat\u00e1s nemzetk\u00f6zi meg\u00edt\u00e9l\u00e9s\u00e9re, amely hossz\u00fa t\u00e1von akad\u00e1lyozhatja az orsz\u00e1g tudom\u00e1nyos versenyk\u00e9pess\u00e9g\u00e9t.<\/p>\n","protected":false},"featured_media":0,"template":"","class_list":["post-2791","publikacio","type-publikacio","status-publish","hentry"],"acf":[],"_links":{"self":[{"href":"https:\/\/fka.mta.hu\/en\/wp-json\/wp\/v2\/publikacio\/2791","targetHints":{"allow":["GET"]}}],"collection":[{"href":"https:\/\/fka.mta.hu\/en\/wp-json\/wp\/v2\/publikacio"}],"about":[{"href":"https:\/\/fka.mta.hu\/en\/wp-json\/wp\/v2\/types\/publikacio"}],"wp:attachment":[{"href":"https:\/\/fka.mta.hu\/en\/wp-json\/wp\/v2\/media?parent=2791"}],"curies":[{"name":"wp","href":"https:\/\/api.w.org\/{rel}","templated":true}]}}